
{"id":2337,"date":"2021-08-09T19:49:05","date_gmt":"2021-08-09T18:49:05","guid":{"rendered":"http:\/\/www.tuseni.cz\/?page_id=2337"},"modified":"2025-09-30T10:33:01","modified_gmt":"2025-09-30T09:33:01","slug":"krouzky-kurzy","status":"publish","type":"page","link":"https:\/\/www.tuseni.cz\/index.php\/krouzky-kurzy\/","title":{"rendered":"Krou\u017eky, kurzy"},"content":{"rendered":"<p>p\u0159ihl\u00e1\u0161ky pro rok 2025\/2026<\/p>\n\n\n\n<div class=\"wp-block-columns is-layout-flex wp-container-core-columns-is-layout-9d6595d7 wp-block-columns-is-layout-flex\">\n<div class=\"wp-block-column is-vertically-aligned-center is-layout-flow wp-block-column-is-layout-flow\" style=\"flex-basis:50%\">\n<p class=\"has-text-align-right has-luminous-vivid-amber-background-color has-background\"><strong>p\u0159ihl\u00e1\u0161ka pro d\u011bti <a href=\"https:\/\/docs.google.com\/forms\/d\/e\/1FAIpQLSdP-mu3z12M1HqhSWoVSLBbtQ7wbO-zO-72zbMukmBBiwMwPQ\/viewform?usp=sf_link\">zde<\/a>!<\/strong><\/p>\n<\/div>\n\n\n\n<div class=\"wp-block-column is-vertically-aligned-center is-layout-flow wp-block-column-is-layout-flow\" style=\"flex-basis:55%\">\n<p class=\"has-light-green-cyan-background-color has-background\"><strong>p\u0159ihl\u00e1\u0161ka pro dosp\u011bl\u00e9 <a href=\"https:\/\/docs.google.com\/forms\/d\/e\/1FAIpQLSf2nsltG6cMPUBgt_TJn4vAVLKWHZcFH-gvrzRjH4mRN8BMRg\/viewform\">zde!<\/a><\/strong><\/p>\n<\/div>\n<\/div>\n\n\n\n<p class=\"has-text-align-center has-cyan-bluish-gray-background-color has-background\"><strong>Rozvrh krou\u017ek\u016f pro rok 2025\/26 se p\u0159ipravuje.&nbsp;<\/strong>M\u011bjte je\u0161t\u011b chv\u00edli trp\u011blivost&nbsp;\ud83d\ude42<\/p>\n\n\n\n<hr class=\"wp-block-separator has-css-opacity\"\/>\n\n\n\n<div class=\"wp-block-columns is-layout-flex wp-container-core-columns-is-layout-9d6595d7 wp-block-columns-is-layout-flex\">\n<div class=\"wp-block-column is-layout-flow wp-block-column-is-layout-flow\" style=\"flex-basis:100%\">\n<div class=\"wp-block-group\"><div class=\"wp-block-group__inner-container is-layout-constrained wp-block-group-is-layout-constrained\"><\/div><\/div>\n<\/div>\n<\/div>\n\n\n\n<h6 class=\"wp-block-heading\"><br>Pohyb<\/h6>\n\n\n\n<ul class=\"wp-block-list\">\n<li><strong><a href=\"#pohybova studia\">POHYBOV\u00c1 STUDIA<\/a><\/strong>: <ul><li><strong style=\"background-color: rgb(255, 255, 255); color: initial;\"><a href=\"#halali\">HALALI<\/a><\/strong><span style=\"background-color: rgb(255, 255, 255); color: initial;\"><a href=\"#halali\"> <\/a>(pro d\u011bti 3\u20136 let)<\/span><\/li><\/ul><\/li>\n\n\n\n<li><ul><li><a href=\"#borci\"><strong>BORCI<\/strong> <\/a>(pro d\u011bti 7\u201312 let)<\/li><\/ul>\n<ul class=\"wp-block-list\">\n<li><strong><a href=\"#kredence\">KREDANCE <\/a><\/strong>\u2013 pro dosp\u011bl\u00e9<\/li>\n<\/ul>\n<\/li>\n\n\n\n<li><strong><a href=\"#pilates\">PILATES<\/a><\/strong> pro dosp\u011bl\u00e9<\/li>\n\n\n\n<li><a href=\"#joga\"><strong>JOGA<\/strong><\/a> pro dosp\u011bl\u00e9<\/li>\n<\/ul>\n\n\n\n<h6 class=\"wp-block-heading\">Hudba<\/h6>\n\n\n\n<ul class=\"wp-block-list\">\n<li><strong style=\"color: initial;\"><a href=\"#kytara\">KYTARA<\/a> <\/strong><span style=\"color: initial;\">pro d\u011bti<\/span><\/li>\n\n\n\n<li><a style=\"font-weight: bold;\" href=\"#la folia dospeli\"><strong>SM\u00cd\u0160EN\u00dd P\u011aVECK\u00dd SBOR LA FOLIA<\/strong><\/a> pro dosp\u011bl\u00e9<\/li>\n\n\n\n<li><strong><a href=\"#tuhaja\">\u0164UHAJA <\/a><\/strong>&#8211; \u017eensk\u00fd sbor<\/li>\n\n\n\n<li><strong><a href=\"#hudbicka\">HUDBI\u010cKA <\/a><\/strong>\u2013 zp\u00edv\u00e1n\u00ed a&nbsp;muzic\u00edrov\u00e1n\u00ed pro maminky s&nbsp;d\u011btmi<\/li>\n<\/ul>\n\n\n\n<h6 class=\"wp-block-heading\">V\u00fdtvarn\u00e9 a&nbsp;u\u017eit\u00e9 um\u011bn\u00ed<\/h6>\n\n\n\n<ul class=\"wp-block-list\">\n<li><a href=\"#oddych\"><strong>ODDYCH<\/strong> <\/a>\u2013 malovac\u00ed oddych pro \u017eeny<\/li>\n\n\n\n<li><strong><a href=\"#malba\">MALBA A&nbsp;KRESBA<\/a><\/strong> pro d\u011bti 5 &#8211; 7 let<\/li>\n\n\n\n<li><strong><a href=\"#malba\">MALBA A&nbsp;KRESBA<\/a><\/strong> pro d\u011bti 8 -12 let<\/li>\n<\/ul>\n\n\n\n<h6 class=\"wp-block-heading\">Ciz\u00ed Jazyk<\/h6>\n\n\n\n<ul class=\"wp-block-list\">\n<li><strong><a href=\"#anglictina ms\">ANGLI\u010cTINA PRO NEJMEN\u0160\u00cd<\/a><\/strong><\/li>\n\n\n\n<li><strong><a href=\"#anglictina 0\">ANGLI\u010cTINA PRO P\u0158ED\u0160KOL\u00c1KY A&nbsp;I. T\u0158\u00cdDU<\/a><\/strong><\/li>\n\n\n\n<li><strong><a href=\"#anglictina I\">ANGLICTINA PRO II. a&nbsp;III. T\u0158\u00cdDU<\/a><\/strong><\/li>\n\n\n\n<li><strong style=\"color: initial;\"><a href=\"#anglictina II\">ANGLI\u010cTINA KONVERZACE<\/a><\/strong> 9\u201312 let<\/li>\n<\/ul>\n\n\n\n<hr class=\"wp-block-separator has-css-opacity\"\/>\n\n\n\n<h6 class=\"wp-block-heading\"><br>Pohyb<\/h6>\n\n\n\n<h5 class=\"krouzek-n\"><a id=\"pohybova studia\"><\/a>Pohybov\u00e1 studia<\/h5>\n\n\n\n<p>V dob\u011b kdy jsou i&nbsp;d\u011bti v\u011bt\u0161inu \u010dasu  usezen\u00e9, je zdrav\u00fd pohyb v\u00edce ne\u017e nutnost\u00ed.&nbsp; Dr\u017een\u00ed t\u011bla, pojmy  osa-t\u011b\u017ei\u0161t\u011b, um\u011bn\u00ed dob\u0159e spadnout, pov\u011bdom\u00ed o&nbsp;tom kde jak\u00e1 kost le\u017e\u00ed a&nbsp;s&nbsp; \u010d\u00edm a&nbsp;\u010d\u00edm je propojen\u00e1, jak spr\u00e1vn\u011b protahovat svaly, zlep\u0161en\u00ed fyzick\u00e9  kondice, koordinace pohyb\u016f, pr\u00e1ce ve skupin\u011b, st\u00e1l\u00e1 p\u0159\u00edtomnost \u017eiv\u00e9ho  hudebn\u00edka, improvizace, rozv\u00edjen\u00ed fantazie &#8230; to v\u0161echno formou, kter\u00e1  je p\u0159im\u011b\u0159en\u00e1 v\u011bku \u00fa\u010dastn\u00edk\u016f.<\/p>\n\n\n\n<h5 class=\"krouzek-n\"><a id=\"halali\"><\/a>Halali<\/h5>\n\n\n\n<p>pro d\u011bti 3\u20136 let<br>pond\u011bl\u00ed <strong>15:15\u201316:00<\/strong> | Kotelna<br>cena 2&nbsp;700&nbsp;K\u010d \/ 14 lekc\u00ed<br>Lektor: <a href=\"https:\/\/www.tuseni.cz\/index.php\/lektori\/veronika-kacianova\/\" data-type=\"page\" data-id=\"238\">Veronika Kacianov\u00e1<\/a><br>Hudebn\u00ed doprovod: <a href=\"https:\/\/www.tuseni.cz\/index.php\/lektori\/jana-vorosova\/\" data-type=\"page\" data-id=\"1872\">Jana V\u00f6r\u00f6\u0161ov\u00e1<\/a><br>za\u010d\u00edn\u00e1me 22.&nbsp;9.<\/p>\n\n\n\n<h5 class=\"krouzek-n\"><a id=\"borci\"><\/a>Borci<\/h5>\n\n\n\n<p>pro d\u011bti 7\u201312 let<br>pond\u011bl\u00ed<strong> 16:05-17:05 <\/strong>| Kotelna<br>cena 2&nbsp;800&nbsp;K\u010d \/ 14 lekc\u00ed<br>lektor: <a style=\"\" href=\"http:\/\/www.tuseni.cz\/index.php\/lektori\/veronika-kacianova\/\">Veronika Kacianov\u00e1<\/a><br>hudebn\u00ed doprovod: <a href=\"http:\/\/www.tuseni.cz\/index.php\/lektori\/jana-vorosova\/\">Jana V\u00f6r\u00f6\u0161ov\u00e1<\/a><br>za\u010d\u00edn\u00e1me 22.&nbsp;9.<\/p>\n\n\n\n<h5 class=\"krouzek-n\"><a id=\"kredence\"><\/a>Kredence<\/h5>\n\n\n\n<p>lektor: Radim Kl\u00e1sek<br>p\u00e1tek 17:00-18:30<br>za\u010d\u00edn\u00e1me 3.&nbsp;10. <\/p>\n\n\n\n<h5 class=\"krouzek-n\"><a id=\"pilates\"><\/a>Pilates <small> pro dosp\u011bl\u00e9<\/small><\/h5>\n\n\n\n<p>Pomalou soustavnou prac\u00ed lze dos\u00e1hnout neb\u00fdval\u00fdch v\u00fdsledk\u016f. Zdrav\u00e9 cvi\u010den\u00ed pod odborn\u00fdm dohledem prov\u00e1d\u011bn\u00e9, tak aby v\u00e1m p\u0159ineslo co mo\u017en\u00e1 nejv\u011bt\u0161\u00ed benefity.<\/p>\n\n\n\n<p>st\u0159eda <strong>19:00\u201320:00<\/strong> | Kotelna<br>cena: 3&nbsp;200&nbsp;K\u010d \/ 20 lekc\u00ed, 1 lekce \/ 200&nbsp;K\u010d<br>lektor: Renata B\u00e1rtov\u00e1<br>za\u010d\u00edn\u00e1me 3.&nbsp;9.<\/p>\n\n\n\n<h5 class=\"krouzek-n\"><a id=\"joga\"><\/a>Joga <small> pro dosp\u011bl\u00e9<\/small><\/h5>\n\n\n\n<p>P\u0159ij\u010fte si u\u017e\u00edt ned\u011bln\u00ed ve\u010der na hrav\u00e9 lekce vinyasa j\u00f3gy. Prot\u00e1hneme se, proplujeme s&nbsp;dechem z&nbsp;\u00e1sany&nbsp;do \u00e1sany&nbsp;a&nbsp;lekci zakon\u010d\u00edme relaxac\u00ed.<\/p>\n\n\n\n<p>Ned\u011ble: 19:00\u201320:00 | Ateli\u00e9r pod \u0161kolou<br>Cena:  3&nbsp;200&nbsp;K\u010d \/ 20 lekc\u00ed, 200&nbsp;K\u010d \/ 1 lekce.<br>Lektor: Kate\u0159ina Markov\u00e1<br>za\u010d\u00edn\u00e1me 6.&nbsp;9.<\/p>\n\n\n\n<h6 class=\"wp-block-heading\">Hudba<\/h6>\n\n\n\n<h5 class=\"krouzek-n\"><a id=\"kytara\"><\/a>Kytara <small> pro d\u011bti<\/small><\/h5>\n\n\n\n<p>individu\u00e1ln\u00ed hodiny pro mal\u00e9 i&nbsp;v\u011bt\u0161\u00ed \u0161oumeny. Nen\u00e1siln\u011b, hrav\u011b, ale s&nbsp;jasnou viz\u00ed. P\u00edsni\u010dky,  rytmus, v\u0161eobecn\u00e1 hudebn\u00ed znalosti. Koncerty v&nbsp;Tuchom\u011b\u0159ic\u00edch,  Nebu\u0161ic\u00edch, z\u00e1v\u011bre\u010dn\u00fd t\u00e1bor\u00e1k a&nbsp;mnoho dal\u0161\u00edho&#8230;<\/p>\n\n\n\n<p>Pond\u011bl\u00ed, \u00fater\u00fd | Ateli\u00e9r pod \u0161kolou<br>Lektor: <a href=\"https:\/\/www.tuseni.cz\/index.php\/lektori\/luan-goncalves\/\" data-type=\"page\" data-id=\"3135\">Luan Goncalves<\/a><br>Kurzovn\u00e9: 7&nbsp;000&nbsp;K\u010d \/ pololet\u00ed<br>1.hodina v&nbsp;t\u00fddnu od 8.9.<\/p>\n\n\n\n<h5 class=\"krouzek-n\"><a id=\"la folia dospeli\"><\/a>Sm\u00ed\u0161en\u00fd p\u011bveck\u00fd sbor La Folia <small>pro dosp\u011bl\u00e9<\/small><\/h5>\n\n\n\n<p>pokra\u010duje ve sm\u011bru, kam od sv\u00e9ho zalo\u017een\u00ed m\u00ed\u0159il. Origin\u00e1ln\u00ed koncerty s&nbsp; neot\u0159elou dramaturgi\u00ed, podpora p\u0159i akc\u00edch, kter\u00e9 po\u0159\u00e1d\u00e1 obec, spolupr\u00e1ce  s&nbsp;profesion\u00e1ln\u00edmi muzikanty a&nbsp;se sdru\u017een\u00edmi z&nbsp;Tuchom\u011b\u0159ic i&nbsp;v&nbsp;bl\u00edzk\u00e9m  okol\u00ed.&nbsp;P\u0159esahy&nbsp;i&nbsp;na jin\u00e1 pole ne\u017e&nbsp; hudebn\u00ed.<\/p>\n\n\n\n<p><strong>\u010dtvrtek: 19:30\u201321:00<\/strong><br>cena: 500&nbsp;K\u010d \/ pololet\u00ed<br>lektor: <a href=\"http:\/\/www.tuseni.cz\/index.php\/lektori\/jana-vorosova\/\">Jana V\u00f6r\u00f6\u0161ov\u00e1<\/a><\/p>\n\n\n\n<h5 class=\"krouzek-n\"><a id=\"tauja\"><\/a>\u0164ahuja \u2013 \u017eensk\u00fd sbor <small>pro dosp\u011bl\u00e9<\/small><\/h5>\n\n\n\n<p>Lidov\u00e1 p\u00edse\u0148 je n\u011bco, co vznik\u00e1 od nepam\u011bti, n\u011bco s&nbsp;\u010d\u00edm \u017eijeme po stalet\u00ed. N\u011bco o&nbsp;co se&nbsp; t\u0159eba nemus\u00edme zaj\u00edmat, nemus\u00edme ji ani zp\u00edvat ani o&nbsp;n\u00ed v\u011bd\u011bt, ale ka\u017ed\u00e9 setk\u00e1n\u00ed s&nbsp;n\u00ed prov\u00e1z\u00ed emocion\u00e1ln\u011b siln\u00fd z\u00e1\u017eitek. Hudebn\u00ed uskupen\u00ed \u0164uhaja vzniklo postupn\u011b po n\u011bkolika workshopech pro\u017eitkov\u00e9ho zp\u00edv\u00e1n\u00ed se Zuzanou Vl\u010dinskou. Sna\u017e\u00edme se proniknout a&nbsp;z\u00e1rove\u0148 si u\u017e\u00edt radost, vztek, smutek i&nbsp;oby\u010dejnost lidov\u00fdch p\u00edsn\u00ed. Sna\u017e\u00edme se naj\u00edt harmonii spole\u010dn\u00e9ho zp\u011bvu a&nbsp;energii sd\u00edlen\u00ed. Hled\u00e1me a&nbsp;jemn\u011b se dot\u00fdk\u00e1me hnut\u00ed v&nbsp;lidsk\u00fdch srdc\u00ed, kter\u00e1 jsou st\u00e1le stejn\u00e1, nem\u011bnn\u00e1. Zp\u00edv\u00e1me p\u0159ev\u00e1\u017en\u011b \u00fapravy p\u00edsn\u00ed Zuzany Vl\u010dinsk\u00e9 a&nbsp;pravideln\u011b si ji zveme k&nbsp;supervizi p\u0159i n\u00e1cviku reperto\u00e1ru.<\/p>\n\n\n\n<p>\u010ctvrtek:<strong><strong> 19:30\u201321:00 <\/strong><\/strong>| Kotelna<br>lektor: <a href=\"http:\/\/www.tuseni.cz\/index.php\/lektori\/jana-vorosova\/\">Jana V\u00f6r\u00f6\u0161ov\u00e1<\/a><\/p>\n\n\n\n<h5 class=\"krouzek-n\"><a id=\"hudbicka\"><\/a>HUDBI\u010cKA<\/h5>\n\n\n\n<p>hudebn\u00ed setk\u00e1n\u00ed pro nejmen\u0161\u00ed <\/p>\n\n\n\n<p>Hudbi\u010dka je krou\u017eek pro nejmen\u0161\u00ed d\u011bti v&nbsp;doprovodu maminek. Samoz\u0159ejm\u011b i&nbsp;star\u0161\u00ed sourozenci jsou v\u00edt\u00e1ni. Zp\u00edv\u00e1 se, hraje na kytaru, triangl, d\u0159\u00edvka, chrastidla&#8230; Ka\u017ed\u00fd si jist\u011b najde sv\u016fj obl\u00edben\u00fd n\u00e1stroj. Chyb\u011bt nebudou ani \u0159\u00edkadla a&nbsp;rytmick\u00e9 hry.<\/p>\n\n\n\n<p>P\u0159ij\u010fte si zazp\u00edvat, rozpohybovat t\u011blo hrav\u00fdm zp\u016fsobem a&nbsp;potkat se s&nbsp;ostatn\u00edmi maminkami a&nbsp;d\u011btmi.<\/p>\n\n\n\n<p>V\u00edme, \u017ee d\u011bti v&nbsp;p\u0159ed\u0161koln\u00edm v\u011bku b\u00fdvaj\u00ed \u010dasto nemocn\u00e9, a&nbsp;tak je platba vymy\u0161lena formou permanentek na 10 lekc\u00ed platn\u00fdch do konce \u0161koln\u00edho roku &#8211; a\u017e je vychod\u00edte, koup\u00edte si dal\u0161\u00ed permanentku &#8211; tzn. nemus\u00edte platit lekci, pokud jsou v\u0161e d\u011bti nemocn\u00e9 a&nbsp;nem\u016f\u017eete p\u0159ij\u00edt. <\/p>\n\n\n\n<p>pro d\u011bti od 0 let v&nbsp;doprovodu maminek<strong><br>p\u00e1tek:<\/strong> <strong>15:00\u201315:45<\/strong> | Kotelna <br>cena: 1&nbsp;700&nbsp;K\u010d \/ permanentku na 10 lekc\u00ed <br>lektor: <a href=\"https:\/\/www.tuseni.cz\/index.php\/lektori\/dagmar-plotena\/\" data-type=\"page\" data-id=\"3131\">Dagmar Plot\u011bn\u00e1<\/a><br>za\u010d\u00edn\u00e1me 7.&nbsp;10.<\/p>\n\n\n\n<h6 class=\"wp-block-heading\"><br>V\u00fdtvarn\u00e9 a&nbsp;u\u017eit\u00e9 um\u011bn\u00ed<\/h6>\n\n\n\n<h5 class=\"krouzek-n\"><a id=\"oddych\"><\/a>ODDYCH<small>malovac\u00ed oddych pro \u017eeny<\/small><\/h5>\n\n\n\n<p>pond\u011bl\u00ed <strong>17:00\u201319:00<\/strong><br>Kurzovn\u00e9 12 lekc\u00ed: 4&nbsp;200&nbsp;K\u010d (350&nbsp;K\u010d \/ 120 min)<br>Lektorka: Krist\u00fdna Vel\u00ed\u0161kov\u00e1<br><a href=\"http:\/\/www.kristynaveliskova.cz\">www.kristynaveliskova.cz<br><\/a>Uk\u00e1zkov\u00e1 hodina 8.&nbsp;9.&nbsp;2025<br>za\u010d\u00edn\u00e1me 15.&nbsp;9.<br><a href=\"http:\/\/www.barevnemalovani.cz\/\">www.barevnemalovani.cz<\/a>&nbsp;<\/p>\n\n\n\n<h5 class=\"krouzek-n\"><a id=\"malba\"><\/a>MALBA a&nbsp;KRESBA <small>pro d\u011bti<\/small><\/h5>\n\n\n\n<p>\u00fater\u00fd&nbsp;<strong>16:00\u201317:30<\/strong> Kurz&nbsp; \u2013 Malba a&nbsp;kresba pro d\u011bti 5\u20137 let<br>\u00fater\u00fd&nbsp;<strong>17:30\u201319:00<\/strong> Kurz&nbsp; \u2013 Malba a&nbsp;kresba pro d\u011bti 8\u201312 let<br>Kurzovn\u00e9 12 lekc\u00ed: 3&nbsp;480&nbsp;K\u010d (290&nbsp;K\u010d \/ 90 min)<br>Kapacita \u2013 8 \u00fa\u010dastn\u00edk\u016f<br>Uk\u00e1zkov\u00e1 hodina a&nbsp;9.&nbsp;9.&nbsp;2025<br>za\u010d\u00edn\u00e1me 16.&nbsp;9.<br><a href=\"http:\/\/www.barevnemalovani.cz\/\">www.barevnemalovani.cz<\/a>&nbsp;<\/p>\n\n\n\n<p><\/p>\n\n\n\n<h6 class=\"wp-block-heading\"><br>Ciz\u00ed Jazyk<\/h6>\n\n\n\n<p> Aby pro va\u0161e d\u011bti ciz\u00ed jazyk nebyl ciz\u00ed. Hrav\u011b a&nbsp;z\u00e1bavn\u011b s&nbsp;ohledem na d\u011btskou du\u0161i a&nbsp;jej\u00ed sv\u011bt. Klademe d\u016fraz na schopnost verb\u00e1ln\u00ed komunikace s&nbsp;na\u0161\u00ed osv\u011bd\u010denou lektorkou Galynou Baziv.<\/p>\n\n\n\n<h5 class=\"krouzek-n\"><a id=\"anglictina ms\"><\/a>Angli\u010dtina pro nejmen\u0161\u00ed<\/h5>\n\n\n\n<p><meta http-equiv=\"content-type\" content=\"text\/html; charset=utf-8\"><\/meta>pro d\u011bti 3\u20135 let [za\u010d\u00e1te\u010dn\u00edci]<br>st\u0159eda <strong>15:00\u201315:40<\/strong> | Ateli\u00e9r u&nbsp;po\u0161ty<br>cena 2&nbsp;200&nbsp;K\u010d \/ 14 lekc\u00ed (v\u010detn\u011b vyzved\u00e1vac\u00edho servisu z&nbsp;M\u0160)<br>lektor: <a style=\"\" href=\"http:\/\/www.tuseni.cz\/index.php\/lektori\/galyna-bazif\/\">Galyna Baziv<\/a><\/p>\n\n\n\n<h5 class=\"krouzek-n\"><a id=\"anglictina 0\"><\/a>Angli\u010dtina pro p\u0159ed\u0161kol\u00e1ky a&nbsp;I. t\u0159\u00eddu<\/h5>\n\n\n\n<p>st\u0159eda <strong>15:45\u201316:25<\/strong> | Ateli\u00e9r u&nbsp;po\u0161ty<br>cena 2&nbsp;200&nbsp;K\u010d \/ 14 lekc\u00ed<br>lektor: <a href=\"https:\/\/www.tuseni.cz\/index.php\/lektori\/galina-baziv\/\" data-type=\"page\" data-id=\"1529\">Galyna Baziv<\/a><\/p>\n\n\n\n<h5 class=\"krouzek-n\"><a id=\"anglictina I\"><\/a>Angli\u010dtina pro II. a&nbsp;III. t\u0159\u00eddu<\/h5>\n\n\n\n<p>st\u0159eda <strong><strong>16:30\u201317:10<\/strong><\/strong> | Ateli\u00e9r u&nbsp;po\u0161ty<br>cena 2&nbsp;200&nbsp;K\u010d \/ 14 lekc\u00ed<br>lektor: <a href=\"https:\/\/www.tuseni.cz\/index.php\/lektori\/galina-baziv\/\" data-type=\"page\" data-id=\"1529\">Galyna Baziv<\/a><\/p>\n\n\n\n<h5 class=\"krouzek-n\"><a id=\"anglictina II\"><\/a>Angli\u010dtina konverzace<\/h5>\n\n\n\n<p>pro d\u011bti 9\u201312 let | Ordinace<\/p>\n\n\n\n<p>st\u0159eda <strong>13:15 \u2013 14:45<\/strong> \/ Ateli\u00e9r u&nbsp;po\u0161ty<br>cena 2&nbsp;900&nbsp;K\u010d \/ 14 lekc\u00ed (90 min)<br>lektor: <a href=\"http:\/\/www.tuseni.cz\/index.php\/lektori\/kristof-abrath\/\"><\/a><a href=\"https:\/\/www.tuseni.cz\/index.php\/lektori\/galina-baziv\/\" data-type=\"page\" data-id=\"1529\">Galyna Baziv<\/a><\/p>","protected":false},"excerpt":{"rendered":"<p>p\u0159ihl\u00e1\u0161ky pro rok 2025\/2026 p\u0159ihl\u00e1\u0161ka pro d\u011bti zde! p\u0159ihl\u00e1\u0161ka pro dosp\u011bl\u00e9 zde! Rozvrh krou\u017ek\u016f pro rok 2025\/26 se p\u0159ipravuje.&nbsp;M\u011bjte je\u0161t\u011b chv\u00edli trp\u011blivost&nbsp;\ud83d\ude42 Pohyb Hudba V\u00fdtvarn\u00e9 a&nbsp;u\u017eit\u00e9 um\u011bn\u00ed Ciz\u00ed Jazyk Pohyb Pohybov\u00e1 studia V&nbsp;dob\u011b kdy jsou i&nbsp;d\u011bti v\u011bt\u0161inu \u010dasu usezen\u00e9, je zdrav\u00fd pohyb v\u00edce ne\u017e nutnost\u00ed.&nbsp; Dr\u017een\u00ed t\u011bla, pojmy osa-t\u011b\u017ei\u0161t\u011b, um\u011bn\u00ed dob\u0159e spadnout, pov\u011bdom\u00ed o&nbsp;tom [&hellip;]<\/p>","protected":false},"author":1,"featured_media":0,"parent":0,"menu_order":0,"comment_status":"closed","ping_status":"closed","template":"main.php","meta":{"footnotes":""},"class_list":["post-2337","page","type-page","status-publish","hentry"],"_links":{"self":[{"href":"https:\/\/www.tuseni.cz\/index.php\/wp-json\/wp\/v2\/pages\/2337","targetHints":{"allow":["GET"]}}],"collection":[{"href":"https:\/\/www.tuseni.cz\/index.php\/wp-json\/wp\/v2\/pages"}],"about":[{"href":"https:\/\/www.tuseni.cz\/index.php\/wp-json\/wp\/v2\/types\/page"}],"author":[{"embeddable":true,"href":"https:\/\/www.tuseni.cz\/index.php\/wp-json\/wp\/v2\/users\/1"}],"replies":[{"embeddable":true,"href":"https:\/\/www.tuseni.cz\/index.php\/wp-json\/wp\/v2\/comments?post=2337"}],"version-history":[{"count":239,"href":"https:\/\/www.tuseni.cz\/index.php\/wp-json\/wp\/v2\/pages\/2337\/revisions"}],"predecessor-version":[{"id":3166,"href":"https:\/\/www.tuseni.cz\/index.php\/wp-json\/wp\/v2\/pages\/2337\/revisions\/3166"}],"wp:attachment":[{"href":"https:\/\/www.tuseni.cz\/index.php\/wp-json\/wp\/v2\/media?parent=2337"}],"curies":[{"name":"wp","href":"https:\/\/api.w.org\/{rel}","templated":true}]}}